{"id":1026,"date":"2015-05-19T16:14:14","date_gmt":"2015-05-19T16:14:14","guid":{"rendered":"http:\/\/gaanenbeleven.nl\/wp\/?page_id=1026"},"modified":"2015-05-19T16:14:14","modified_gmt":"2015-05-19T16:14:14","slug":"interview-met-gertjan-hooijer","status":"publish","type":"page","link":"https:\/\/adriaanvoeten.com\/gaanenbeleven\/interview-met-gertjan-hooijer\/","title":{"rendered":"Interview met Gertjan Hooijer"},"content":{"rendered":"<p><strong>Wie is Gertjan en welke korte en lange avonturen heb je beleefd?<\/strong><br \/>\nIk ben iemand die het heerlijk vindt om alleen in de natuur te zijn en daar van te genieten. In m\u2019n jeugd ging ik veel met m\u2019n ouders de bergen in in Zwitserland en Oostenrijk. De laatste jaren ga ik steeds alleen met de auto naar Noorwegen. Ik neem heel veel eten mee zodat ik zo min mogelijk boodschappen hoef te doen. Op de bonnefooi trek ik dan rond. Meestal wel met een van tevoren bedacht globaal plan, maar daar wordt net zo makkelijk weer vanaf geweken. Dan krijg ik bijvoorbeeld ineens plannen voor een leuke wandeling in een bepaald gebied en probeer dat in de route in te plannen. Een hele bijzondere tocht \u00a0was een wandeling die ik maakte in 2013 naar de top van de berg Glittertind in het Nationaal Park Jotunheimen. Via een gruisweg (afslag richting Glitterheim op weg 51) moest ik eerst met de auto naar een parkeerplaats. Daar kon ik een fiets pakken om naar de hut Glitterheim te fietsen. Daar kon de huur voor de fiets betaald worden.<br \/>\n[metaslider id=1029]<br \/>\nIn Glitterheim startte ik de wandeling naar de Glittertind. Het is de \u00e9\u00e9n na hoogste berg van Noorwegen. Galdh\u00f8piggen is nog iets hoger. Op de top van de Glittertind ligt een gletsjer, maar deze is relatief veilig zonder gids te bewandelen. Het is een groot sneeuwdek waaronder het ijs verstopt zit. Naar boven is een pittige tocht, maar het uitzicht vanaf de top is adembenemend. Ik had schitterend weer. Alleen stond er wel heel veel wind. Dat was zo apart. Het leek of de wind een aan\/uit schakelaar had. Zo uit het niets stond er een heel harde wind en die was plots ook weer verdwenen. Aan het eind van zo\u2019n dag wandelen ben ik heel erg moe, maar wat een voldoening geeft het. Met m\u2019n diabetes type 1 is het een extra uitdaging. M\u2019n bloedsuiker moet ik tijdens een tocht geregeld controleren.<br \/>\nIn 2014 ging het moeizaam tijdens wandeltochten in Noorwegen. Vermoeidheid eiste z\u2019n tol. Tijdens twee tochten ben ik misselijk geweest in de bergen. Zo wilde ik ook eens wildkamperen tijdens een wandeling in de bergen. Wildkamperen deed ik al met de auto aan m\u2019n zijde, maar zo vrij met de rugzak in de bergen leek me toch even een extra dimensie. Ik dacht het eens uit te gaan proberen nabij de Preikestolen. Dat is een rots die 605 meter boven het Lysefjord uittorent. De tocht had ik het jaar ervoor al met een lichtere rugzak gedaan. Dat ging toen vlotjes, want in anderhalf uur was ik er al. Nu ging het moeizaam met de veel zwaardere rugzak. Waarschijnlijk had ik de rugzak niet goed geladen, want het ding &#8216;knotste&#8217; alle kanten op op m\u2019n rug en zat niet comfortabel. Ik had te weinig water mee, want ik wil dat wel uit de bergen te halen. Helaas is nabij Preikestolen te weinig water voorhanden. Alleen wat ondiepe poeltjes. Dat werd \u2019s nachts een drama in de tent op de berg, want ik werd misselijk. Uit de ondiepe poeltjes had ik maar wat water gekookt om toch wat te drinken te hebben. Dat smaakte heel vies. De dag erop ben ik met van toeristen gekregen water weer beneden gekomen. Onderweg steeds overgeven van ellende. Het was wel even een leermomentje voor me. De rugzak moet beter zitten en ik moet meer water meenemen.<br \/>\nHet was niet fijn, maar toch kriebelt het wel om nog eens in de bergen te slapen en de tent mee te nemen in de rugzak. Ik moet het alleen wat handiger aanpakken. Ik sleep ook een vracht aan cameraspullen mee de berg op en dat maakt het er ook niet lichter op.<br \/>\nWat een ander bijzonder avontuur is, is het zien van muskusossen in Noorwegen in het Nationaal park Dovrefjell-Sunndalsfjella. Ik had gedacht via een gruisweg het gebied in te rijden, maar dat bleek helaas alleen voor de bus naar <a href=\"http:\/\/nasjonalparkriket.no\/en\/food-drink\/cafes\/snoheim-cabin\/\">Sn\u00f8heim<\/a> toegankelijk. Ik ben toen te voet het gebied in gegaan via de gruisweg, want ik had begrepen dat er na ongeveer een uur lopen muskusossen waren. Gelukkig heb ik ze gevonden. Ik was gewaarschuwd voor moeders met jongen. Er was een moeder-os met jong. Ik hield goed afstand, maar moeder kwam steeds dichterbij. Ik ging snel een talud op en keek om. Toen stond moeder muskusos op 5 meter afstand achter me. Dat was een avontuur op zich. Gelukkig heb ik het overleefd.<\/p>\n<p><strong>Welke dagrugzak gebruik je en wat is daar fijn aan?<br \/>\n<\/strong>Voor dagtochten in de bergen gebruik ik de Deuter Spectro ac24. Deze\u00a0is groot genoeg om wat extra kleding, water en eten mee te nemen. Vaak moet ik wel een jas of vest aan de zijkant onder een bandje proppen.<\/p>\n<p><strong>Welke kleding gebruik je?<br \/>\n<\/strong>Niets speciaals. Gewoon korte broek en t-shirt en bij slecht weer een lange broek. Ik heb geen\u00a0speciale outdoor-kleding aangeschaft.<\/p>\n<p><strong>En dan buiten slapen?<br \/>\n<\/strong>Ja, maar wel met de bescherming van een tent. Echt vrij in de bergen slaap ik op een slaapmat. Dat vind ik wel hard voor m\u2019n rug. Als ik op campings slaap en wild kampeer (met de auto bij de hand), dan slaap ik op een zelfopblaasbare slaapmat. Dat ligt een stuk comfortabeler.<br \/>\nVoor in de rugzak heb ik een tent met tentstokken en voor op campings en langs de weg (wild kamperen) heb ik een werptent. De werptent zet zo makkelijk en snel op.<\/p>\n<p><strong>De keuken?<br \/>\n<\/strong>Een gastankje met een dubbelpits brander erop. Als ik\u00a0de bergen intrek met de rugzak: een klein gasbrandertje.<\/p>\n<p><strong>Wat moet er altijd mee?<br \/>\n<\/strong>Regenkleding, want er is niets zo veranderlijk als het weer in Noorwegen. Toch probeer ik m\u2019n dagen wel in te plannen met goed weer. Ik ga geen\u00a0zware tocht ondernemen als de verwachtingen slecht zijn.<\/p>\n<p><strong>Tips voor beginnende avonturiers?<br \/>\n<\/strong>Houd het weer in de gaten. Ga niet op pad in de bergen als er te slecht weer te verwachten is. Met onweer in de bergen is niet fijn. Ik heb het wel eens meegemaakt.<\/p>\n<p><strong>Wat is je absolute favoriete item?<br \/>\n<\/strong>M\u2019n fotocamera. Zonder fotocamera geen reis. Ik leg alles graag vast. Wel een heel gesjouw in de bergen.<\/p>\n<p><strong>Vraag van Gertjan aan zichzelf? <\/strong><em>Ben ik een beetje gek om alleen op reis te gaan?<\/em> Ja, een beetje wel, maar ja\u2026. Als je geen reisgenoot hebt en het avonturiersbloed stroomt door je aderen, dan ga je wel!<\/p>\n","protected":false},"excerpt":{"rendered":"<p>Wie is Gertjan en welke korte en lange avonturen heb je beleefd? Ik ben iemand die het heerlijk vindt om alleen in de natuur te zijn en daar van te genieten. In m\u2019n jeugd ging ik veel met m\u2019n ouders de bergen in in Zwitserland en Oostenrijk. De laatste jaren ga ik steeds alleen met [&hellip;]<\/p>\n","protected":false},"author":1,"featured_media":0,"parent":0,"menu_order":0,"comment_status":"closed","ping_status":"closed","template":"","meta":{"footnotes":""},"yoast_head":"<!-- This site is optimized with the Yoast SEO plugin v24.4 - https:\/\/yoast.com\/wordpress\/plugins\/seo\/ -->\n<title>Interview met Gertjan Hooijer - GAAN en Beleven<\/title>\n<meta name=\"description\" content=\"Wie is Gertjan en welke korte en lange avonturen heb je beleefd? Ik ben iemand die het heerlijk vindt om alleen in de natuur te zijn en daar van te genieten. In m\u2019n jeugd ging ik veel met m\u2019n ouders de bergen in in Zwitserland en Oostenrijk. De laatste jaren ga ik steeds alleen met de auto naar Noorwegen\" \/>\n<meta name=\"robots\" content=\"index, follow, max-snippet:-1, max-image-preview:large, max-video-preview:-1\" \/>\n<link rel=\"canonical\" href=\"https:\/\/adriaanvoeten.com\/gaanenbeleven\/interview-met-gertjan-hooijer\/\" \/>\n<meta property=\"og:locale\" content=\"nl_NL\" \/>\n<meta property=\"og:type\" content=\"article\" \/>\n<meta property=\"og:title\" content=\"Interview met Gertjan Hooijer - GAAN en Beleven\" \/>\n<meta property=\"og:description\" content=\"Wie is Gertjan en welke korte en lange avonturen heb je beleefd? Ik ben iemand die het heerlijk vindt om alleen in de natuur te zijn en daar van te genieten. In m\u2019n jeugd ging ik veel met m\u2019n ouders de bergen in in Zwitserland en Oostenrijk. De laatste jaren ga ik steeds alleen met de auto naar Noorwegen\" \/>\n<meta property=\"og:url\" content=\"https:\/\/adriaanvoeten.com\/gaanenbeleven\/interview-met-gertjan-hooijer\/\" \/>\n<meta property=\"og:site_name\" content=\"GAAN en Beleven\" \/>\n<meta property=\"article:publisher\" content=\"https:\/\/facebook.com\/gaanenbeleven\" \/>\n<meta name=\"twitter:card\" content=\"summary_large_image\" \/>\n<meta name=\"twitter:label1\" content=\"Geschatte leestijd\" \/>\n\t<meta name=\"twitter:data1\" content=\"5 minuten\" \/>\n<script type=\"application\/ld+json\" class=\"yoast-schema-graph\">{\"@context\":\"https:\/\/schema.org\",\"@graph\":[{\"@type\":\"WebPage\",\"@id\":\"https:\/\/adriaanvoeten.com\/gaanenbeleven\/interview-met-gertjan-hooijer\/\",\"url\":\"https:\/\/adriaanvoeten.com\/gaanenbeleven\/interview-met-gertjan-hooijer\/\",\"name\":\"Interview met Gertjan Hooijer - GAAN en Beleven\",\"isPartOf\":{\"@id\":\"https:\/\/adriaanvoeten.com\/gaanenbeleven\/#website\"},\"datePublished\":\"2015-05-19T16:14:14+00:00\",\"description\":\"Wie is Gertjan en welke korte en lange avonturen heb je beleefd? Ik ben iemand die het heerlijk vindt om alleen in de natuur te zijn en daar van te genieten. In m\u2019n jeugd ging ik veel met m\u2019n ouders de bergen in in Zwitserland en Oostenrijk. De laatste jaren ga ik steeds alleen met de auto naar Noorwegen\",\"breadcrumb\":{\"@id\":\"https:\/\/adriaanvoeten.com\/gaanenbeleven\/interview-met-gertjan-hooijer\/#breadcrumb\"},\"inLanguage\":\"nl-NL\",\"potentialAction\":[{\"@type\":\"ReadAction\",\"target\":[\"https:\/\/adriaanvoeten.com\/gaanenbeleven\/interview-met-gertjan-hooijer\/\"]}]},{\"@type\":\"BreadcrumbList\",\"@id\":\"https:\/\/adriaanvoeten.com\/gaanenbeleven\/interview-met-gertjan-hooijer\/#breadcrumb\",\"itemListElement\":[{\"@type\":\"ListItem\",\"position\":1,\"name\":\"Home\",\"item\":\"https:\/\/adriaanvoeten.com\/gaanenbeleven\/\"},{\"@type\":\"ListItem\",\"position\":2,\"name\":\"Interview met Gertjan Hooijer\"}]},{\"@type\":\"WebSite\",\"@id\":\"https:\/\/adriaanvoeten.com\/gaanenbeleven\/#website\",\"url\":\"https:\/\/adriaanvoeten.com\/gaanenbeleven\/\",\"name\":\"GAAN en Beleven\",\"description\":\"\",\"publisher\":{\"@id\":\"https:\/\/adriaanvoeten.com\/gaanenbeleven\/#organization\"},\"potentialAction\":[{\"@type\":\"SearchAction\",\"target\":{\"@type\":\"EntryPoint\",\"urlTemplate\":\"https:\/\/adriaanvoeten.com\/gaanenbeleven\/?s={search_term_string}\"},\"query-input\":{\"@type\":\"PropertyValueSpecification\",\"valueRequired\":true,\"valueName\":\"search_term_string\"}}],\"inLanguage\":\"nl-NL\"},{\"@type\":\"Organization\",\"@id\":\"https:\/\/adriaanvoeten.com\/gaanenbeleven\/#organization\",\"name\":\"GAAN en Beleven\",\"url\":\"https:\/\/adriaanvoeten.com\/gaanenbeleven\/\",\"logo\":{\"@type\":\"ImageObject\",\"inLanguage\":\"nl-NL\",\"@id\":\"https:\/\/adriaanvoeten.com\/gaanenbeleven\/#\/schema\/logo\/image\/\",\"url\":\"https:\/\/adriaanvoeten.com\/gaanenbeleven\/wp-content\/uploads\/sites\/4\/2021\/05\/cropped-gaan-logo.jpg\",\"contentUrl\":\"https:\/\/adriaanvoeten.com\/gaanenbeleven\/wp-content\/uploads\/sites\/4\/2021\/05\/cropped-gaan-logo.jpg\",\"width\":512,\"height\":512,\"caption\":\"GAAN en Beleven\"},\"image\":{\"@id\":\"https:\/\/adriaanvoeten.com\/gaanenbeleven\/#\/schema\/logo\/image\/\"},\"sameAs\":[\"https:\/\/facebook.com\/gaanenbeleven\"]}]}<\/script>\n<!-- \/ Yoast SEO plugin. -->","yoast_head_json":{"title":"Interview met Gertjan Hooijer - GAAN en Beleven","description":"Wie is Gertjan en welke korte en lange avonturen heb je beleefd? Ik ben iemand die het heerlijk vindt om alleen in de natuur te zijn en daar van te genieten. In m\u2019n jeugd ging ik veel met m\u2019n ouders de bergen in in Zwitserland en Oostenrijk. De laatste jaren ga ik steeds alleen met de auto naar Noorwegen","robots":{"index":"index","follow":"follow","max-snippet":"max-snippet:-1","max-image-preview":"max-image-preview:large","max-video-preview":"max-video-preview:-1"},"canonical":"https:\/\/adriaanvoeten.com\/gaanenbeleven\/interview-met-gertjan-hooijer\/","og_locale":"nl_NL","og_type":"article","og_title":"Interview met Gertjan Hooijer - GAAN en Beleven","og_description":"Wie is Gertjan en welke korte en lange avonturen heb je beleefd? Ik ben iemand die het heerlijk vindt om alleen in de natuur te zijn en daar van te genieten. In m\u2019n jeugd ging ik veel met m\u2019n ouders de bergen in in Zwitserland en Oostenrijk. De laatste jaren ga ik steeds alleen met de auto naar Noorwegen","og_url":"https:\/\/adriaanvoeten.com\/gaanenbeleven\/interview-met-gertjan-hooijer\/","og_site_name":"GAAN en Beleven","article_publisher":"https:\/\/facebook.com\/gaanenbeleven","twitter_card":"summary_large_image","twitter_misc":{"Geschatte leestijd":"5 minuten"},"schema":{"@context":"https:\/\/schema.org","@graph":[{"@type":"WebPage","@id":"https:\/\/adriaanvoeten.com\/gaanenbeleven\/interview-met-gertjan-hooijer\/","url":"https:\/\/adriaanvoeten.com\/gaanenbeleven\/interview-met-gertjan-hooijer\/","name":"Interview met Gertjan Hooijer - GAAN en Beleven","isPartOf":{"@id":"https:\/\/adriaanvoeten.com\/gaanenbeleven\/#website"},"datePublished":"2015-05-19T16:14:14+00:00","description":"Wie is Gertjan en welke korte en lange avonturen heb je beleefd? Ik ben iemand die het heerlijk vindt om alleen in de natuur te zijn en daar van te genieten. In m\u2019n jeugd ging ik veel met m\u2019n ouders de bergen in in Zwitserland en Oostenrijk. De laatste jaren ga ik steeds alleen met de auto naar Noorwegen","breadcrumb":{"@id":"https:\/\/adriaanvoeten.com\/gaanenbeleven\/interview-met-gertjan-hooijer\/#breadcrumb"},"inLanguage":"nl-NL","potentialAction":[{"@type":"ReadAction","target":["https:\/\/adriaanvoeten.com\/gaanenbeleven\/interview-met-gertjan-hooijer\/"]}]},{"@type":"BreadcrumbList","@id":"https:\/\/adriaanvoeten.com\/gaanenbeleven\/interview-met-gertjan-hooijer\/#breadcrumb","itemListElement":[{"@type":"ListItem","position":1,"name":"Home","item":"https:\/\/adriaanvoeten.com\/gaanenbeleven\/"},{"@type":"ListItem","position":2,"name":"Interview met Gertjan Hooijer"}]},{"@type":"WebSite","@id":"https:\/\/adriaanvoeten.com\/gaanenbeleven\/#website","url":"https:\/\/adriaanvoeten.com\/gaanenbeleven\/","name":"GAAN en Beleven","description":"","publisher":{"@id":"https:\/\/adriaanvoeten.com\/gaanenbeleven\/#organization"},"potentialAction":[{"@type":"SearchAction","target":{"@type":"EntryPoint","urlTemplate":"https:\/\/adriaanvoeten.com\/gaanenbeleven\/?s={search_term_string}"},"query-input":{"@type":"PropertyValueSpecification","valueRequired":true,"valueName":"search_term_string"}}],"inLanguage":"nl-NL"},{"@type":"Organization","@id":"https:\/\/adriaanvoeten.com\/gaanenbeleven\/#organization","name":"GAAN en Beleven","url":"https:\/\/adriaanvoeten.com\/gaanenbeleven\/","logo":{"@type":"ImageObject","inLanguage":"nl-NL","@id":"https:\/\/adriaanvoeten.com\/gaanenbeleven\/#\/schema\/logo\/image\/","url":"https:\/\/adriaanvoeten.com\/gaanenbeleven\/wp-content\/uploads\/sites\/4\/2021\/05\/cropped-gaan-logo.jpg","contentUrl":"https:\/\/adriaanvoeten.com\/gaanenbeleven\/wp-content\/uploads\/sites\/4\/2021\/05\/cropped-gaan-logo.jpg","width":512,"height":512,"caption":"GAAN en Beleven"},"image":{"@id":"https:\/\/adriaanvoeten.com\/gaanenbeleven\/#\/schema\/logo\/image\/"},"sameAs":["https:\/\/facebook.com\/gaanenbeleven"]}]}},"_links":{"self":[{"href":"https:\/\/adriaanvoeten.com\/gaanenbeleven\/wp-json\/wp\/v2\/pages\/1026"}],"collection":[{"href":"https:\/\/adriaanvoeten.com\/gaanenbeleven\/wp-json\/wp\/v2\/pages"}],"about":[{"href":"https:\/\/adriaanvoeten.com\/gaanenbeleven\/wp-json\/wp\/v2\/types\/page"}],"author":[{"embeddable":true,"href":"https:\/\/adriaanvoeten.com\/gaanenbeleven\/wp-json\/wp\/v2\/users\/1"}],"replies":[{"embeddable":true,"href":"https:\/\/adriaanvoeten.com\/gaanenbeleven\/wp-json\/wp\/v2\/comments?post=1026"}],"version-history":[{"count":0,"href":"https:\/\/adriaanvoeten.com\/gaanenbeleven\/wp-json\/wp\/v2\/pages\/1026\/revisions"}],"wp:attachment":[{"href":"https:\/\/adriaanvoeten.com\/gaanenbeleven\/wp-json\/wp\/v2\/media?parent=1026"}],"curies":[{"name":"wp","href":"https:\/\/api.w.org\/{rel}","templated":true}]}}